{"id":1380,"date":"2019-03-05T10:40:01","date_gmt":"2019-03-05T09:40:01","guid":{"rendered":"https:\/\/www.asso-resppi.fr\/?page_id=1380"},"modified":"2019-07-07T20:52:32","modified_gmt":"2019-07-07T18:52:32","slug":"entre-papa-et-ado-qui-est-le-boss","status":"publish","type":"page","link":"https:\/\/www.asso-resppi.fr\/index.php\/notre-bibliographie\/comprendre-nos-ados-et-leur-environnement\/entre-papa-et-ado-qui-est-le-boss\/","title":{"rendered":"Entre papa et ado, qui est le boss ?"},"content":{"rendered":"\r\n<p>C&rsquo;\u00e9tait le sujet de la premi\u00e8re rencontre entre papas de 2019<\/p>\r\n\r\n\r\n\r\n<p class=\"has-text-color has-medium-font-size has-luminous-vivid-orange-color\"><em>Voici quelques \u00e9l\u00e9ments pour aller plus loin ! <\/em><\/p>\r\n\r\n\r\n\r\n<p>Bibliographie : Les ateliers de psychologie\u00a0: P\u00e8re-fils, transmettre le masculin.<\/p>\r\n\r\n\r\n\r\n<p><a href=\"https:\/\/www.franceculture.fr\/emissions\/lsd-la-serie-documentaire\/masculins-est-ce-ainsi-que-les-hommes-se-vivent\">https:\/\/www.franceculture.fr\/emissions\/lsd-la-serie-documentaire\/masculins-est-ce-ainsi-que-les-hommes-se-vivent<\/a><\/p>\r\n\r\n\r\n\r\n<p>Sites internet utiles\u00a0: <a href=\"https:\/\/positivr.fr\">https:\/\/positivr.fr<\/a> &#8211; <a href=\"http:\/\/papapositive.fr\">http:\/\/papapositive.fr<\/a> &#8211; <a href=\"https:\/\/www.csa.fr\">https:\/\/www.csa.fr<\/a> \u2013<\/p>\r\n\r\n\r\n\r\n<p><strong>L\u2019adolescence aujourd\u2019hui !<\/strong><br \/>Un texte faisant \u00e9cho \u00e0 la conf\u00e9rence donn\u00e9e par Antoine Masson, Psychiatre, psychanalyste , \u00e0 t\u00e9l\u00e9charger : <a href=\"https:\/\/www.asso-resppi.fr\/?attachment_id=1375\">https:\/\/www.asso-resppi.fr\/?attachment_id=1375<\/a><\/p>\r\n","protected":false},"excerpt":{"rendered":"<p>C&rsquo;\u00e9tait le sujet de la premi\u00e8re rencontre entre papas de 2019 Voici quelques \u00e9l\u00e9ments pour aller plus loin ! Bibliographie : Les ateliers de psychologie\u00a0: P\u00e8re-fils, transmettre le masculin. https:\/\/www.franceculture.fr\/emissions\/lsd-la-serie-documentaire\/masculins-est-ce-ainsi-que-les-hommes-se-vivent Sites internet utiles\u00a0: https:\/\/positivr.fr &#8211; http:\/\/papapositive.fr &#8211; https:\/\/www.csa.fr \u2013 L\u2019adolescence aujourd\u2019hui !Un texte faisant \u00e9cho \u00e0 la conf\u00e9rence donn\u00e9e par Antoine Masson, Psychiatre, psychanalyste , [&hellip;]<\/p>\n","protected":false},"author":27,"featured_media":0,"parent":1656,"menu_order":0,"comment_status":"open","ping_status":"closed","template":"","meta":{"footnotes":""},"class_list":["post-1380","page","type-page","status-publish","hentry"],"_links":{"self":[{"href":"https:\/\/www.asso-resppi.fr\/index.php\/wp-json\/wp\/v2\/pages\/1380","targetHints":{"allow":["GET"]}}],"collection":[{"href":"https:\/\/www.asso-resppi.fr\/index.php\/wp-json\/wp\/v2\/pages"}],"about":[{"href":"https:\/\/www.asso-resppi.fr\/index.php\/wp-json\/wp\/v2\/types\/page"}],"author":[{"embeddable":true,"href":"https:\/\/www.asso-resppi.fr\/index.php\/wp-json\/wp\/v2\/users\/27"}],"replies":[{"embeddable":true,"href":"https:\/\/www.asso-resppi.fr\/index.php\/wp-json\/wp\/v2\/comments?post=1380"}],"version-history":[{"count":6,"href":"https:\/\/www.asso-resppi.fr\/index.php\/wp-json\/wp\/v2\/pages\/1380\/revisions"}],"predecessor-version":[{"id":1665,"href":"https:\/\/www.asso-resppi.fr\/index.php\/wp-json\/wp\/v2\/pages\/1380\/revisions\/1665"}],"up":[{"embeddable":true,"href":"https:\/\/www.asso-resppi.fr\/index.php\/wp-json\/wp\/v2\/pages\/1656"}],"wp:attachment":[{"href":"https:\/\/www.asso-resppi.fr\/index.php\/wp-json\/wp\/v2\/media?parent=1380"}],"curies":[{"name":"wp","href":"https:\/\/api.w.org\/{rel}","templated":true}]}}