{"id":1400,"date":"2019-03-13T11:27:43","date_gmt":"2019-03-13T10:27:43","guid":{"rendered":"https:\/\/www.asso-resppi.fr\/?page_id=1400"},"modified":"2019-07-07T20:53:41","modified_gmt":"2019-07-07T18:53:41","slug":"nos-ados-et-les-ecrans-fuite-ou-refuge","status":"publish","type":"page","link":"https:\/\/www.asso-resppi.fr\/index.php\/notre-bibliographie\/comprendre-nos-ados-et-leur-environnement\/nos-ados-et-les-ecrans-fuite-ou-refuge\/","title":{"rendered":"Nos Ados et les \u00e9crans, fuite ou refuge ?"},"content":{"rendered":"<p><strong>C&rsquo;\u00e9tait l&rsquo;objet de notre P&rsquo;tit d\u00e9j du 10 mars \u00e0 la maison de Quartier madeleine Champ de mars<\/strong><\/p>\n<p>Pour se les repasser, voici les liens vers les\u00a0 vid\u00e9os diffus\u00e9es pendant la s\u00e9ances<\/p>\n<ul>\n<li><a href=\"https:\/\/youtu.be\/IuVlRHQpeME\">https:\/\/www.youtube.com\/watch?v=IuVlRHQpeM<\/a><\/li>\n<li><a href=\"https:\/\/www.youtube.com\/watch?v=EUK5YLVmSEk\">https:\/\/www.youtube.com\/watch?v=EUK5YLVmSEk<\/a><\/li>\n<\/ul>\n<p><strong> Pour aller plus loin :<\/strong><\/p>\n<ul>\n<li><strong><em>Bibliographie : <\/em><\/strong><\/li>\n<\/ul>\n<p style=\"padding-left: 30px;\"><strong>Comment les \u00e9crans rendent nos ados immatures et d\u00e9prim\u00e9s- G\u00e9n\u00e9ration internet. <\/strong>Auteur\u00a0: Jean M.Twenge avec postface de Serge Tisseron<\/p>\n<p style=\"padding-left: 30px;\">Serge Tisseron y\u00a0 cite des \u00e9tudes qui \u00e9clairent d\u2019un autre jour les diff\u00e9rents comportements des ados et montre qu\u2019il n\u2019y a pas de causalit\u00e9 directe entre l\u2019utilisation des \u00e9crans et les attitudes que cette chercheuse rel\u00e8ve.<\/p>\n<p style=\"padding-left: 30px;\"><strong>Ados et \u00e9crans\u00a0:<\/strong> 10 strat\u00e9gies pour fixer les limites\u00a0: <a href=\"http:\/\/www.petitpousse.fr\">petitpousse.fr<\/a><\/p>\n<p style=\"padding-left: 30px;\">Jacques HENNO\u00a0:<a href=\"http:\/\/nosenfants.fr\/tous-mes-conseils-pratiques-pour-les-parents\/\">http:\/\/nosenfants.fr\/tous-mes-conseils-pratiques-pour-les-parents\/<\/a><\/p>\n<p style=\"padding-left: 30px;\">Bien utilis\u00e9s, les \u00e9crans constituent une formidable ouverture sur le monde\u2026des outils pour contr\u00f4ler \u00e0 distance l\u2019activit\u00e9 de ses pr\u00e9ados et ados.<\/p>\n<p><strong>\u00a0Et Quelques autres livres \u00e0 <a href=\"https:\/\/www.asso-resppi.fr\/?attachment_id=1412\">d\u00e9couvrir ICI<\/a><\/strong><\/p>\n<p><a href=\"https:\/\/www.asso-resppi.fr\/index.php\/nos-ados-et-les-ecrans-fuite-ou-refuge\/ressourceslivres\/\" rel=\"attachment wp-att-1412\"><img loading=\"lazy\" decoding=\"async\" class=\"alignnone wp-image-1412\" src=\"https:\/\/www.asso-resppi.fr\/wp-content\/uploads\/2019\/03\/RessourcesLivres-300x185.png\" alt=\"\" width=\"418\" height=\"258\" srcset=\"https:\/\/www.asso-resppi.fr\/wp-content\/uploads\/2019\/03\/RessourcesLivres-300x185.png 300w, https:\/\/www.asso-resppi.fr\/wp-content\/uploads\/2019\/03\/RessourcesLivres.png 622w\" sizes=\"auto, (max-width: 418px) 100vw, 418px\" \/><\/a><\/p>\n<p><strong><em>Quelques Livrets Gratuits \u00e0 t\u00e9l\u00e9charger<br \/>\n<\/em><\/strong><em>Harmonie Mutuelle<\/em><\/p>\n<p><a href=\"https:\/\/www.harmonie-mutuelle.fr\/documents\/11132\/5188646\/0313_Ados-et-nouvelles-technologies.pdf\/e369035e-09da-4db8-b44f-b7efc94bcd79\">https:\/\/www.harmonie-mutuelle.fr\/documents\/11132\/5188646\/0313_Ados-et-nouvelles-technologies.pdf\/e369035e-09da-4db8-b44f-b7efc94bcd79<\/a><\/p>\n<p>Nouvelles technologies quels avantages pour nos adolescents, Usages probl\u00e9matiques\u00a0: quels sont les signes qui doivent alerter\u00a0? Quelle attitude adopter et quelles limites fixer\u00a0?<\/p>\n<p><em>Agence R\u00e9gionale de Sant\u00e9, Mairie de Toulouse : <a href=\"https:\/\/www.toulouse.fr\/web\/publications\/livret-avec-les-ecrans\">avec les \u00e9crans, comment je m&rsquo;y prends<\/a><br \/>\n<\/em><\/p>\n<p>Rep\u00e8res, t\u00e9moignages et pr\u00e9conisations sur les usages des \u00e9crans. Livret r\u00e9alis\u00e9 par des parents, des adolescents et des professionnels.<\/p>\n<ul>\n<li><strong><em>Sites internet utiles<\/em><\/strong>\u00a0:<\/li>\n<\/ul>\n<p><a href=\"http:\/\/WWW.yapaka.be\/ecrans\">WWW.yapaka.be\/ecrans<\/a><\/p>\n<p>Sans c\u00e9der aux sir\u00e8nes de la technologie ni \u00e0 la panique face au monde num\u00e9rique, il s\u2019agit de mieux comprendre l\u2019impact des \u00e9crans au cours de la vie de l\u2019enfant.<\/p>\n<p><a href=\"https:\/\/www.santemagazine.fr\/actualites\/actualites-sante\/ecrans-les-ados-accros-sont-moins-heureux-que-les-autres-305083\">https:\/\/www.santemagazine.fr\/actualites\/actualites-sante\/ecrans-les-ados-accros-sont-moins-heureux-que-les-autres-305083<\/a><\/p>\n<p><a href=\"https:\/\/lebonusagedesecrans.fr\/les-ecrans-et-votre-entourage\/jeunes-enfants-ecrans\/\">https:\/\/lebonusagedesecrans.fr\/les-ecrans-et-votre-entourage\/jeunes-enfants-ecrans\/<\/a><\/p>\n<p><a href=\"http:\/\/www.psychologies.com\/Culture\/Ma-vie-numerique\/Articles-et-Dossiers\/Les-ecrans-les-eteindre-ou-les-apprivoiser\/Evitez-la-guerre-des-ecrans-avec-les-enfants\">www.psychologies.com\/Culture\/Ma-vie-numerique\/Articles-et-Dossiers\/Les-ecrans-les-eteindre-ou-les-apprivoiser\/Evitez-la-guerre-des-ecrans-avec-les-enfants<\/a><\/p>\n<p><a href=\"http:\/\/www.parentsadosepanouis.com\/les-nouvelles-technologies\/\">http:\/\/www.parentsadosepanouis.com\/les-nouvelles-technologies\/<\/a><\/p>\n<ul>\n<li><em><strong>Pour rappel : les bonnes adresses locales<\/strong><\/em><\/li>\n<\/ul>\n<p><strong>Maison des ados<\/strong> : <a href=\"http:\/\/www.mda44.fr\/\">site internet<\/a><\/p>\n<p><strong>Espace \u00c9coute Jeunes de <a href=\"http:\/\/www.epe44.fr\/index.php\/pour-les-jeunes\/point-d-accueil-ecoute-jeunes\">l&rsquo;EPE 44<\/a> <\/strong><\/p>\n<p><strong>Les Apsyades<\/strong> : \u00a0<a href=\"http:\/\/www.lesapsyades.fr\">www.lesapsyades.fr<\/a><\/p>\n","protected":false},"excerpt":{"rendered":"<p>C&rsquo;\u00e9tait l&rsquo;objet de notre P&rsquo;tit d\u00e9j du 10 mars \u00e0 la maison de Quartier madeleine Champ de mars Pour se les repasser, voici les liens vers les\u00a0 vid\u00e9os diffus\u00e9es pendant la s\u00e9ances https:\/\/www.youtube.com\/watch?v=IuVlRHQpeM https:\/\/www.youtube.com\/watch?v=EUK5YLVmSEk Pour aller plus loin : Bibliographie : Comment les \u00e9crans rendent nos ados immatures et d\u00e9prim\u00e9s- G\u00e9n\u00e9ration internet. Auteur\u00a0: Jean M.Twenge [&hellip;]<\/p>\n","protected":false},"author":2,"featured_media":0,"parent":1656,"menu_order":0,"comment_status":"closed","ping_status":"closed","template":"","meta":{"footnotes":""},"class_list":["post-1400","page","type-page","status-publish","hentry"],"_links":{"self":[{"href":"https:\/\/www.asso-resppi.fr\/index.php\/wp-json\/wp\/v2\/pages\/1400","targetHints":{"allow":["GET"]}}],"collection":[{"href":"https:\/\/www.asso-resppi.fr\/index.php\/wp-json\/wp\/v2\/pages"}],"about":[{"href":"https:\/\/www.asso-resppi.fr\/index.php\/wp-json\/wp\/v2\/types\/page"}],"author":[{"embeddable":true,"href":"https:\/\/www.asso-resppi.fr\/index.php\/wp-json\/wp\/v2\/users\/2"}],"replies":[{"embeddable":true,"href":"https:\/\/www.asso-resppi.fr\/index.php\/wp-json\/wp\/v2\/comments?post=1400"}],"version-history":[{"count":9,"href":"https:\/\/www.asso-resppi.fr\/index.php\/wp-json\/wp\/v2\/pages\/1400\/revisions"}],"predecessor-version":[{"id":1419,"href":"https:\/\/www.asso-resppi.fr\/index.php\/wp-json\/wp\/v2\/pages\/1400\/revisions\/1419"}],"up":[{"embeddable":true,"href":"https:\/\/www.asso-resppi.fr\/index.php\/wp-json\/wp\/v2\/pages\/1656"}],"wp:attachment":[{"href":"https:\/\/www.asso-resppi.fr\/index.php\/wp-json\/wp\/v2\/media?parent=1400"}],"curies":[{"name":"wp","href":"https:\/\/api.w.org\/{rel}","templated":true}]}}